{"id":3396,"date":"2023-06-12T16:30:04","date_gmt":"2023-06-12T14:30:04","guid":{"rendered":"https:\/\/www.gaultiercollette.ch\/?page_id=3396"},"modified":"2023-06-14T09:32:52","modified_gmt":"2023-06-14T07:32:52","slug":"gc-talents","status":"publish","type":"page","link":"https:\/\/www.gaultiercollette.ch\/fr\/gc-talents\/","title":{"rendered":"GC-talents"},"content":{"rendered":"<section class=\"back baseline anim-to-scroll\">\n            <a href=\"https:\/\/www.gaultiercollette.ch\/fr\/\">\n          <svg xmlns=\"http:\/\/www.w3.org\/2000\/svg\" viewbox=\"0 0 28 24\" style=\"enable-background:new 0 0 28 24;\" xml:space=\"preserve\">\n        <style type=\"text\/css\">.st0{fill:none;stroke:#000000;stroke-width:2;stroke-miterlimit:10;}<\/style>\n        <rect x=\"2\" y=\"11\" width=\"25\" height=\"2\"\/>\n        <polyline class=\"st0\" points=\"12.8,23.2 1.5,12 12.8,0.8 \"\/>\n      <\/svg>\n      Retour\n    <\/a>\n<\/section>\n\n\n\n\n\n  <section class=\"case__header baseline anim-to-scroll\">\n    <div class=\"case__header-title\">\n      <h2 class=\"\">\n        <span class=\"title\">GC-talents<\/span>\n        <span class=\"title-year\"><\/span>\n      <\/h2>\n    <\/div>\n    <div class=\"case__header-text\">Solution marque employeur associant psychologie et cr\u00e9ativit\u00e9 pour agir concr\u00e8tement sur l\u2019implication des salari\u00e9.es et r\u00e9soudre durablement les probl\u00e8mes de recrutement.<\/div>\n  <\/section>\n\n\n\n\n\n\n<figure class=\"wp-block-image size-large\"><img loading=\"lazy\" decoding=\"async\" width=\"1024\" height=\"689\" src=\"https:\/\/www.gaultiercollette.ch\/wp-content\/uploads\/2023\/06\/le-concept-talents.jpg\" alt=\"\" class=\"wp-image-3494\" srcset=\"https:\/\/www.gaultiercollette.ch\/wp-content\/uploads\/2023\/06\/le-concept-talents.jpg 1200w, https:\/\/www.gaultiercollette.ch\/wp-content\/uploads\/2023\/06\/le-concept-talents-300x202.jpg 300w, https:\/\/www.gaultiercollette.ch\/wp-content\/uploads\/2023\/06\/le-concept-talents-1024x689.jpg 1024w, https:\/\/www.gaultiercollette.ch\/wp-content\/uploads\/2023\/06\/le-concept-talents-768x517.jpg 768w, https:\/\/www.gaultiercollette.ch\/wp-content\/uploads\/2023\/06\/le-concept-talents-18x12.jpg 18w\" sizes=\"auto, (max-width: 1024px) 100vw, 1024px\" \/><\/figure>\n\n\n\n  <section class=\"case__imgtext baseline anim-to-scroll\">\n    <div class=\"case__imgtext-left\">\n      <h3><\/h3>\n      <p><p class=\"talent-bloc-2\">En associant nos comp\u00e9tences d\u2019agence cr\u00e9ative en strat\u00e9gies de marques avec celles d\u2019une psychologue du travail et des organisations, nous avons construit une solution Marque Employeur qui renouvelle le genre.<br><br><strong>GC-talents renforce la d\u00e9sirabilit\u00e9 de votre marque employeur au-travers de 2 axes de travail :<\/strong><\/p><\/p>\n    <\/div>\n    <div class=\"case__imgtext-right\">\n              <img decoding=\"async\" src=\"https:\/\/www.gaultiercollette.ch\/wp-content\/uploads\/2023\/06\/talents-image2.jpg\" alt=\"\" \/>\n          <\/div>\n  <\/section>\n\n\n\n\n<ol class=\"talent-ol wp-block-list\">\n<li>Optimiser la visibilit\u00e9 et l\u2019appropriation de votre mission d\u2019entreprise.<\/li>\n\n\n\n<li>Am\u00e9liorer la diffusion<br>de vos messages RH.<\/li>\n<\/ol>\n\n\n\n<figure class=\"wp-block-image size-large talent-img-pad-top\"><img loading=\"lazy\" decoding=\"async\" width=\"1024\" height=\"685\" src=\"https:\/\/www.gaultiercollette.ch\/wp-content\/uploads\/2023\/06\/talent-benefice.jpg\" alt=\"\" class=\"wp-image-3493\" srcset=\"https:\/\/www.gaultiercollette.ch\/wp-content\/uploads\/2023\/06\/talent-benefice.jpg 1200w, https:\/\/www.gaultiercollette.ch\/wp-content\/uploads\/2023\/06\/talent-benefice-300x201.jpg 300w, https:\/\/www.gaultiercollette.ch\/wp-content\/uploads\/2023\/06\/talent-benefice-1024x685.jpg 1024w, https:\/\/www.gaultiercollette.ch\/wp-content\/uploads\/2023\/06\/talent-benefice-768x514.jpg 768w, https:\/\/www.gaultiercollette.ch\/wp-content\/uploads\/2023\/06\/talent-benefice-18x12.jpg 18w\" sizes=\"auto, (max-width: 1024px) 100vw, 1024px\" \/><\/figure>\n\n\n\n  <section class=\"case__imgtext baseline anim-to-scroll\">\n    <div class=\"case__imgtext-left\">\n      <h3><\/h3>\n      <p><p class=\"talent-bloc-2 revenez\">Votre attractivit\u00e9 renouvel\u00e9e vous permet de garder vos salari\u00e9s motiv\u00e9s et d\u2019attirer des talents parce que vous incarnez leurs valeurs.<br><br><strong>R\u00e9v\u00e9lez le vrai visage de votre entreprise.<\/strong><\/p><\/p>\n    <\/div>\n    <div class=\"case__imgtext-right\">\n              <img decoding=\"async\" src=\"https:\/\/www.gaultiercollette.ch\/wp-content\/uploads\/2023\/06\/talent-image4.jpg\" alt=\"\" \/>\n          <\/div>\n  <\/section>\n\n\n\n\n<figure class=\"wp-block-image size-large talent-img-pad-top\"><img loading=\"lazy\" decoding=\"async\" width=\"1024\" height=\"684\" src=\"https:\/\/www.gaultiercollette.ch\/wp-content\/uploads\/2023\/06\/talent-methodologie.jpg\" alt=\"\" class=\"wp-image-3492\" srcset=\"https:\/\/www.gaultiercollette.ch\/wp-content\/uploads\/2023\/06\/talent-methodologie.jpg 1200w, https:\/\/www.gaultiercollette.ch\/wp-content\/uploads\/2023\/06\/talent-methodologie-300x200.jpg 300w, https:\/\/www.gaultiercollette.ch\/wp-content\/uploads\/2023\/06\/talent-methodologie-1024x684.jpg 1024w, https:\/\/www.gaultiercollette.ch\/wp-content\/uploads\/2023\/06\/talent-methodologie-768x513.jpg 768w, https:\/\/www.gaultiercollette.ch\/wp-content\/uploads\/2023\/06\/talent-methodologie-18x12.jpg 18w\" sizes=\"auto, (max-width: 1024px) 100vw, 1024px\" \/><\/figure>\n\n\n\n  <section class=\"case__skills baseline anim-to-scroll\">\n    <ul>\n                      <li>\u00e9couter<\/li>\n                              <li>Ce que dit l\u2019entreprise<\/li>\n                              <li>Ce que murmurent les employ\u00e9s<\/li>\n                              <li>Ce qu\u2019entendent et attendent les candidats potentiels<\/li>\n                  <\/ul>\n  <\/section>\n\n\n\n\n  <section class=\"case__skills baseline anim-to-scroll\">\n    <ul>\n                      <li>analyser<br>les interf\u00e9rences<\/li>\n                              <li>Le bruit environnant du secteur<\/li>\n                              <li>Les frustrations au sein de l\u2019entreprise<\/li>\n                              <li>Les sources de dissonance<\/li>\n                  <\/ul>\n  <\/section>\n\n\n\n\n  <section class=\"case__skills baseline anim-to-scroll\">\n    <ul>\n                      <li>accorder<br>les projets<\/li>\n                              <li>Entretenir la motivation par la mise en coh\u00e9rence des discours et des actes.<\/li>\n                              <li>Passer de l\u2019engagement collectif \u00e0 l\u2019implication individuelle.<\/li>\n                              <li>Attirer des talents pr\u00eats \u00e0 s\u2019impliquer pour un projet.<\/li>\n                  <\/ul>\n  <\/section>\n\n\n\n\n<div style=\"height:100px\" aria-hidden=\"true\" class=\"wp-block-spacer\"><\/div>\n\n\n\n<p class=\"savoir-plus\">envie d\u2019en savoir plus?<\/p>\n\n\n\n<p class=\"savoir-plus-plus\">Pour d\u00e9couvrir le d\u00e9tail de notre m\u00e9thodologie ainsi que nos offres \u2028 de d\u00e9ploiement par taille d\u2019entreprise,<\/p>\n\n\n\n<p class=\"mailto-button\"><a href=\"mailto:talents@gaultiercollette.ch?subject=Demande d\u2019information&amp;body=Bonjour, J\u2019ai une probl\u00e9matique de recrutement et votre solution semble pouvoir y r\u00e9pondre. Pouvez-vous me contacter pour que l\u2019on prenne RDV ?\">cliquez ici<\/a><\/p>\n\n\n\n<section class=\"back baseline anim-to-scroll\">\n            <a href=\"#\" onclick=\"history.back(); return false;\">\n          <svg xmlns=\"http:\/\/www.w3.org\/2000\/svg\" viewbox=\"0 0 28 24\" style=\"enable-background:new 0 0 28 24;\" xml:space=\"preserve\">\n        <style type=\"text\/css\">.st0{fill:none;stroke:#000000;stroke-width:2;stroke-miterlimit:10;}<\/style>\n        <rect x=\"2\" y=\"11\" width=\"25\" height=\"2\"\/>\n        <polyline class=\"st0\" points=\"12.8,23.2 1.5,12 12.8,0.8 \"\/>\n      <\/svg>\n      Retour\n    <\/a>\n<\/section>","protected":false},"excerpt":{"rendered":"<p>want to know more? To find out more about our methodology and the deployment of our service offers according to the size of your company, click here<\/p>","protected":false},"author":3,"featured_media":0,"parent":0,"menu_order":0,"comment_status":"closed","ping_status":"closed","template":"","meta":{"footnotes":""},"class_list":["post-3396","page","type-page","status-publish","hentry"],"yoast_head":"<!-- This site is optimized with the Yoast SEO plugin v27.5 - https:\/\/yoast.com\/product\/yoast-seo-wordpress\/ -->\n<title>GC-talent - Gaultier Collette<\/title>\n<meta name=\"description\" content=\"Employer Brand Solution to find a lasting response to your recruitment problems.\" \/>\n<meta name=\"robots\" content=\"index, follow, max-snippet:-1, max-image-preview:large, max-video-preview:-1\" \/>\n<link rel=\"canonical\" href=\"https:\/\/www.gaultiercollette.ch\/fr\/gc-talents\/\" \/>\n<meta property=\"og:locale\" content=\"fr_FR\" \/>\n<meta property=\"og:type\" content=\"article\" \/>\n<meta property=\"og:title\" content=\"GC-talent - Gaultier Collette\" \/>\n<meta property=\"og:description\" content=\"Employer Brand Solution to find a lasting response to your recruitment problems.\" \/>\n<meta property=\"og:url\" content=\"https:\/\/www.gaultiercollette.ch\/fr\/gc-talents\/\" \/>\n<meta property=\"og:site_name\" content=\"Gaultier Collette\" \/>\n<meta property=\"article:modified_time\" content=\"2023-06-14T07:32:52+00:00\" \/>\n<meta property=\"og:image\" content=\"https:\/\/www.gaultiercollette.ch\/wp-content\/uploads\/2023\/06\/talent-concept-en-1024x689.jpg\" \/>\n<meta name=\"twitter:card\" content=\"summary_large_image\" \/>\n<meta name=\"twitter:label1\" content=\"Dur\u00e9e de lecture estim\u00e9e\" \/>\n\t<meta name=\"twitter:data1\" content=\"1 minute\" \/>\n<script type=\"application\/ld+json\" class=\"yoast-schema-graph\">{\"@context\":\"https:\\\/\\\/schema.org\",\"@graph\":[{\"@type\":\"WebPage\",\"@id\":\"https:\\\/\\\/www.gaultiercollette.ch\\\/gc-talents\\\/\",\"url\":\"https:\\\/\\\/www.gaultiercollette.ch\\\/gc-talents\\\/\",\"name\":\"GC-talent - Gaultier Collette\",\"isPartOf\":{\"@id\":\"https:\\\/\\\/www.gaultiercollette.ch\\\/#website\"},\"primaryImageOfPage\":{\"@id\":\"https:\\\/\\\/www.gaultiercollette.ch\\\/gc-talents\\\/#primaryimage\"},\"image\":{\"@id\":\"https:\\\/\\\/www.gaultiercollette.ch\\\/gc-talents\\\/#primaryimage\"},\"thumbnailUrl\":\"https:\\\/\\\/www.gaultiercollette.ch\\\/wp-content\\\/uploads\\\/2023\\\/06\\\/talent-concept-en-1024x689.jpg\",\"datePublished\":\"2023-06-12T14:30:04+00:00\",\"dateModified\":\"2023-06-14T07:32:52+00:00\",\"description\":\"Employer Brand Solution to find a lasting response to your recruitment problems.\",\"breadcrumb\":{\"@id\":\"https:\\\/\\\/www.gaultiercollette.ch\\\/gc-talents\\\/#breadcrumb\"},\"inLanguage\":\"fr-FR\",\"potentialAction\":[{\"@type\":\"ReadAction\",\"target\":[\"https:\\\/\\\/www.gaultiercollette.ch\\\/gc-talents\\\/\"]}]},{\"@type\":\"ImageObject\",\"inLanguage\":\"fr-FR\",\"@id\":\"https:\\\/\\\/www.gaultiercollette.ch\\\/gc-talents\\\/#primaryimage\",\"url\":\"https:\\\/\\\/www.gaultiercollette.ch\\\/wp-content\\\/uploads\\\/2023\\\/06\\\/talent-concept-en-1024x689.jpg\",\"contentUrl\":\"https:\\\/\\\/www.gaultiercollette.ch\\\/wp-content\\\/uploads\\\/2023\\\/06\\\/talent-concept-en-1024x689.jpg\"},{\"@type\":\"BreadcrumbList\",\"@id\":\"https:\\\/\\\/www.gaultiercollette.ch\\\/gc-talents\\\/#breadcrumb\",\"itemListElement\":[{\"@type\":\"ListItem\",\"position\":1,\"name\":\"Accueil\",\"item\":\"https:\\\/\\\/www.gaultiercollette.ch\\\/\"},{\"@type\":\"ListItem\",\"position\":2,\"name\":\"GC-talent\"}]},{\"@type\":\"WebSite\",\"@id\":\"https:\\\/\\\/www.gaultiercollette.ch\\\/#website\",\"url\":\"https:\\\/\\\/www.gaultiercollette.ch\\\/\",\"name\":\"Gaultier Collette\",\"description\":\"Agence cr\u00e9ative en strat\u00e9gie de marque\",\"potentialAction\":[{\"@type\":\"SearchAction\",\"target\":{\"@type\":\"EntryPoint\",\"urlTemplate\":\"https:\\\/\\\/www.gaultiercollette.ch\\\/?s={search_term_string}\"},\"query-input\":{\"@type\":\"PropertyValueSpecification\",\"valueRequired\":true,\"valueName\":\"search_term_string\"}}],\"inLanguage\":\"fr-FR\"}]}<\/script>\n<!-- \/ Yoast SEO plugin. -->","yoast_head_json":{"title":"GC-talent - Gaultier Collette","description":"Employer Brand Solution to find a lasting response to your recruitment problems.","robots":{"index":"index","follow":"follow","max-snippet":"max-snippet:-1","max-image-preview":"max-image-preview:large","max-video-preview":"max-video-preview:-1"},"canonical":"https:\/\/www.gaultiercollette.ch\/fr\/gc-talents\/","og_locale":"fr_FR","og_type":"article","og_title":"GC-talent - Gaultier Collette","og_description":"Employer Brand Solution to find a lasting response to your recruitment problems.","og_url":"https:\/\/www.gaultiercollette.ch\/fr\/gc-talents\/","og_site_name":"Gaultier Collette","article_modified_time":"2023-06-14T07:32:52+00:00","og_image":[{"url":"https:\/\/www.gaultiercollette.ch\/wp-content\/uploads\/2023\/06\/talent-concept-en-1024x689.jpg","type":"","width":"","height":""}],"twitter_card":"summary_large_image","twitter_misc":{"Dur\u00e9e de lecture estim\u00e9e":"1 minute"},"schema":{"@context":"https:\/\/schema.org","@graph":[{"@type":"WebPage","@id":"https:\/\/www.gaultiercollette.ch\/gc-talents\/","url":"https:\/\/www.gaultiercollette.ch\/gc-talents\/","name":"GC-talent - Gaultier Collette","isPartOf":{"@id":"https:\/\/www.gaultiercollette.ch\/#website"},"primaryImageOfPage":{"@id":"https:\/\/www.gaultiercollette.ch\/gc-talents\/#primaryimage"},"image":{"@id":"https:\/\/www.gaultiercollette.ch\/gc-talents\/#primaryimage"},"thumbnailUrl":"https:\/\/www.gaultiercollette.ch\/wp-content\/uploads\/2023\/06\/talent-concept-en-1024x689.jpg","datePublished":"2023-06-12T14:30:04+00:00","dateModified":"2023-06-14T07:32:52+00:00","description":"Employer Brand Solution to find a lasting response to your recruitment problems.","breadcrumb":{"@id":"https:\/\/www.gaultiercollette.ch\/gc-talents\/#breadcrumb"},"inLanguage":"fr-FR","potentialAction":[{"@type":"ReadAction","target":["https:\/\/www.gaultiercollette.ch\/gc-talents\/"]}]},{"@type":"ImageObject","inLanguage":"fr-FR","@id":"https:\/\/www.gaultiercollette.ch\/gc-talents\/#primaryimage","url":"https:\/\/www.gaultiercollette.ch\/wp-content\/uploads\/2023\/06\/talent-concept-en-1024x689.jpg","contentUrl":"https:\/\/www.gaultiercollette.ch\/wp-content\/uploads\/2023\/06\/talent-concept-en-1024x689.jpg"},{"@type":"BreadcrumbList","@id":"https:\/\/www.gaultiercollette.ch\/gc-talents\/#breadcrumb","itemListElement":[{"@type":"ListItem","position":1,"name":"Accueil","item":"https:\/\/www.gaultiercollette.ch\/"},{"@type":"ListItem","position":2,"name":"GC-talent"}]},{"@type":"WebSite","@id":"https:\/\/www.gaultiercollette.ch\/#website","url":"https:\/\/www.gaultiercollette.ch\/","name":"Gaultier Collette","description":"Agence cr\u00e9ative en strat\u00e9gie de marque","potentialAction":[{"@type":"SearchAction","target":{"@type":"EntryPoint","urlTemplate":"https:\/\/www.gaultiercollette.ch\/?s={search_term_string}"},"query-input":{"@type":"PropertyValueSpecification","valueRequired":true,"valueName":"search_term_string"}}],"inLanguage":"fr-FR"}]}},"_links":{"self":[{"href":"https:\/\/www.gaultiercollette.ch\/fr\/wp-json\/wp\/v2\/pages\/3396","targetHints":{"allow":["GET"]}}],"collection":[{"href":"https:\/\/www.gaultiercollette.ch\/fr\/wp-json\/wp\/v2\/pages"}],"about":[{"href":"https:\/\/www.gaultiercollette.ch\/fr\/wp-json\/wp\/v2\/types\/page"}],"author":[{"embeddable":true,"href":"https:\/\/www.gaultiercollette.ch\/fr\/wp-json\/wp\/v2\/users\/3"}],"replies":[{"embeddable":true,"href":"https:\/\/www.gaultiercollette.ch\/fr\/wp-json\/wp\/v2\/comments?post=3396"}],"version-history":[{"count":72,"href":"https:\/\/www.gaultiercollette.ch\/fr\/wp-json\/wp\/v2\/pages\/3396\/revisions"}],"predecessor-version":[{"id":3709,"href":"https:\/\/www.gaultiercollette.ch\/fr\/wp-json\/wp\/v2\/pages\/3396\/revisions\/3709"}],"wp:attachment":[{"href":"https:\/\/www.gaultiercollette.ch\/fr\/wp-json\/wp\/v2\/media?parent=3396"}],"curies":[{"name":"wp","href":"https:\/\/api.w.org\/{rel}","templated":true}]}}