{"id":55,"date":"2022-01-03T01:15:58","date_gmt":"2022-01-03T00:15:58","guid":{"rendered":"http:\/\/www.gaultiercollette.ch\/?page_id=55"},"modified":"2025-06-13T12:08:50","modified_gmt":"2025-06-13T10:08:50","slug":"devred-liste","status":"publish","type":"page","link":"https:\/\/www.gaultiercollette.ch\/fr\/devred-liste\/","title":{"rendered":"_Devred _LISTE"},"content":{"rendered":"<section class=\"back baseline anim-to-scroll\">\n            <a href=\"https:\/\/www.gaultiercollette.ch\/fr\/\">\n          <svg xmlns=\"http:\/\/www.w3.org\/2000\/svg\" viewbox=\"0 0 28 24\" style=\"enable-background:new 0 0 28 24;\" xml:space=\"preserve\">\n        <style type=\"text\/css\">.st0{fill:none;stroke:#000000;stroke-width:2;stroke-miterlimit:10;}<\/style>\n        <rect x=\"2\" y=\"11\" width=\"25\" height=\"2\"\/>\n        <polyline class=\"st0\" points=\"12.8,23.2 1.5,12 12.8,0.8 \"\/>\n      <\/svg>\n      Retour\n    <\/a>\n<\/section>\n\n\n\n\n\n  <section class=\"case__header baseline anim-to-scroll\">\n    <div class=\"case__header-title\">\n      <h2 class=\"\">\n        <span class=\"title\">Devred<\/span>\n        <span class=\"title-year\"><\/span>\n      <\/h2>\n    <\/div>\n    <div class=\"case__header-text\">Recommandation, cr\u00e9ation et strat\u00e9gie de diffusion de contenus pour toutes les prises de parole de la marque en m\u00e9dias, boutiques et e-commerce.<\/div>\n  <\/section>\n\n\n\n\n\n\n    <section class=\"case__categories baseline anim-to-scroll\">\n                        <div style=\"background-image: url(https:\/\/www.gaultiercollette.ch\/wp-content\/uploads\/2025\/04\/Nikon-0505_RGB_LD_72dpi.png)\">\n                    <a href=\"https:\/\/www.gaultiercollette.ch\/fr\/devred_ceremonie\/\"><h3>C\u00e9r\u00e9monie<\/h3><\/a>\n                <\/div>\n                                <div style=\"background-image: url(https:\/\/www.gaultiercollette.ch\/wp-content\/uploads\/2024\/10\/2024.06.06-Devred8219_HD_JPG-e1732029797738.jpg)\">\n                    <a href=\"https:\/\/www.gaultiercollette.ch\/fr\/devred_-latelier\/\"><h3>L&#8217;Atelier<\/h3><\/a>\n                <\/div>\n                                <div style=\"background-image: url(https:\/\/www.gaultiercollette.ch\/wp-content\/uploads\/2022\/11\/GC_Devred_x_Edito.jpg)\">\n                    <a href=\"https:\/\/www.gaultiercollette.ch\/fr\/edito-devred\/\"><h3>Edito<\/h3><\/a>\n                <\/div>\n                                <div style=\"background-image: url(https:\/\/www.gaultiercollette.ch\/wp-content\/uploads\/2022\/06\/GC_Devred_x_PE22-1.jpg)\">\n                    <a href=\"https:\/\/www.gaultiercollette.ch\/fr\/devred-pe22-ceremonie\/\"><h3>PE22<\/h3><\/a>\n                <\/div>\n                                <div style=\"background-image: url(https:\/\/www.gaultiercollette.ch\/wp-content\/uploads\/2022\/06\/GC_Devred_x_AH21.jpg)\">\n                    <a href=\"https:\/\/www.gaultiercollette.ch\/fr\/devred-ah21-envrai\/\"><h3>ENVRAI<\/h3><\/a>\n                <\/div>\n                                <div style=\"background-image: url(https:\/\/www.gaultiercollette.ch\/wp-content\/uploads\/2022\/06\/GC_Devred_x_Human_First.jpg)\">\n                    <a href=\"https:\/\/www.gaultiercollette.ch\/fr\/devred-human-first\/\"><h3>Human First<\/h3><\/a>\n                <\/div>\n                                <div style=\"background-image: url(https:\/\/www.gaultiercollette.ch\/wp-content\/uploads\/2022\/09\/GC_Devred_x_Codex.jpg)\">\n                    <a href=\"https:\/\/www.gaultiercollette.ch\/fr\/devred-codex\/\"><h3>Codex<\/h3><\/a>\n                <\/div>\n                                <div style=\"background-image: url(https:\/\/www.gaultiercollette.ch\/wp-content\/uploads\/2022\/06\/GC_Devred_x_Histoire.jpg)\">\n                    <a href=\"https:\/\/www.gaultiercollette.ch\/fr\/devred-histoire-de-marque\/\"><h3>L&#8217;histoire<\/h3><\/a>\n                <\/div>\n                    <\/section>","protected":false},"excerpt":{"rendered":"","protected":false},"author":1,"featured_media":0,"parent":0,"menu_order":0,"comment_status":"closed","ping_status":"closed","template":"","meta":{"footnotes":""},"class_list":["post-55","page","type-page","status-publish","hentry"],"yoast_head":"<!-- This site is optimized with the Yoast SEO plugin v27.5 - https:\/\/yoast.com\/product\/yoast-seo-wordpress\/ -->\n<title>_Devred _LISTE - Gaultier Collette<\/title>\n<meta name=\"description\" content=\"Explorez les nombreuses r\u00e9alisations de Gaultier Collette pour Devred au fil des ans, pour toutes les prises de parole de la marque en m\u00e9dias, boutiques et e-commerce.\" \/>\n<meta name=\"robots\" content=\"index, follow, max-snippet:-1, max-image-preview:large, max-video-preview:-1\" \/>\n<link rel=\"canonical\" href=\"https:\/\/www.gaultiercollette.ch\/fr\/devred-liste\/\" \/>\n<meta property=\"og:locale\" content=\"fr_FR\" \/>\n<meta property=\"og:type\" content=\"article\" \/>\n<meta property=\"og:title\" content=\"_Devred _LISTE - Gaultier Collette\" \/>\n<meta property=\"og:description\" content=\"Explorez les nombreuses r\u00e9alisations de Gaultier Collette pour Devred au fil des ans, pour toutes les prises de parole de la marque en m\u00e9dias, boutiques et e-commerce.\" \/>\n<meta property=\"og:url\" content=\"https:\/\/www.gaultiercollette.ch\/fr\/devred-liste\/\" \/>\n<meta property=\"og:site_name\" content=\"Gaultier Collette\" \/>\n<meta property=\"article:modified_time\" content=\"2025-06-13T10:08:50+00:00\" \/>\n<meta name=\"twitter:card\" content=\"summary_large_image\" \/>\n<script type=\"application\/ld+json\" class=\"yoast-schema-graph\">{\"@context\":\"https:\\\/\\\/schema.org\",\"@graph\":[{\"@type\":\"WebPage\",\"@id\":\"https:\\\/\\\/www.gaultiercollette.ch\\\/devred-liste\\\/\",\"url\":\"https:\\\/\\\/www.gaultiercollette.ch\\\/devred-liste\\\/\",\"name\":\"_Devred _LISTE - Gaultier Collette\",\"isPartOf\":{\"@id\":\"https:\\\/\\\/www.gaultiercollette.ch\\\/#website\"},\"datePublished\":\"2022-01-03T00:15:58+00:00\",\"dateModified\":\"2025-06-13T10:08:50+00:00\",\"description\":\"Explorez les nombreuses r\u00e9alisations de Gaultier Collette pour Devred au fil des ans, pour toutes les prises de parole de la marque en m\u00e9dias, boutiques et e-commerce.\",\"breadcrumb\":{\"@id\":\"https:\\\/\\\/www.gaultiercollette.ch\\\/devred-liste\\\/#breadcrumb\"},\"inLanguage\":\"fr-FR\",\"potentialAction\":[{\"@type\":\"ReadAction\",\"target\":[\"https:\\\/\\\/www.gaultiercollette.ch\\\/devred-liste\\\/\"]}]},{\"@type\":\"BreadcrumbList\",\"@id\":\"https:\\\/\\\/www.gaultiercollette.ch\\\/devred-liste\\\/#breadcrumb\",\"itemListElement\":[{\"@type\":\"ListItem\",\"position\":1,\"name\":\"Accueil\",\"item\":\"https:\\\/\\\/www.gaultiercollette.ch\\\/\"},{\"@type\":\"ListItem\",\"position\":2,\"name\":\"_Devred _LISTE\"}]},{\"@type\":\"WebSite\",\"@id\":\"https:\\\/\\\/www.gaultiercollette.ch\\\/#website\",\"url\":\"https:\\\/\\\/www.gaultiercollette.ch\\\/\",\"name\":\"Gaultier Collette\",\"description\":\"Agence cr\u00e9ative en strat\u00e9gie de marque\",\"potentialAction\":[{\"@type\":\"SearchAction\",\"target\":{\"@type\":\"EntryPoint\",\"urlTemplate\":\"https:\\\/\\\/www.gaultiercollette.ch\\\/?s={search_term_string}\"},\"query-input\":{\"@type\":\"PropertyValueSpecification\",\"valueRequired\":true,\"valueName\":\"search_term_string\"}}],\"inLanguage\":\"fr-FR\"}]}<\/script>\n<!-- \/ Yoast SEO plugin. -->","yoast_head_json":{"title":"_Devred _LISTE - Gaultier Collette","description":"Explorez les nombreuses r\u00e9alisations de Gaultier Collette pour Devred au fil des ans, pour toutes les prises de parole de la marque en m\u00e9dias, boutiques et e-commerce.","robots":{"index":"index","follow":"follow","max-snippet":"max-snippet:-1","max-image-preview":"max-image-preview:large","max-video-preview":"max-video-preview:-1"},"canonical":"https:\/\/www.gaultiercollette.ch\/fr\/devred-liste\/","og_locale":"fr_FR","og_type":"article","og_title":"_Devred _LISTE - Gaultier Collette","og_description":"Explorez les nombreuses r\u00e9alisations de Gaultier Collette pour Devred au fil des ans, pour toutes les prises de parole de la marque en m\u00e9dias, boutiques et e-commerce.","og_url":"https:\/\/www.gaultiercollette.ch\/fr\/devred-liste\/","og_site_name":"Gaultier Collette","article_modified_time":"2025-06-13T10:08:50+00:00","twitter_card":"summary_large_image","schema":{"@context":"https:\/\/schema.org","@graph":[{"@type":"WebPage","@id":"https:\/\/www.gaultiercollette.ch\/devred-liste\/","url":"https:\/\/www.gaultiercollette.ch\/devred-liste\/","name":"_Devred _LISTE - Gaultier Collette","isPartOf":{"@id":"https:\/\/www.gaultiercollette.ch\/#website"},"datePublished":"2022-01-03T00:15:58+00:00","dateModified":"2025-06-13T10:08:50+00:00","description":"Explorez les nombreuses r\u00e9alisations de Gaultier Collette pour Devred au fil des ans, pour toutes les prises de parole de la marque en m\u00e9dias, boutiques et e-commerce.","breadcrumb":{"@id":"https:\/\/www.gaultiercollette.ch\/devred-liste\/#breadcrumb"},"inLanguage":"fr-FR","potentialAction":[{"@type":"ReadAction","target":["https:\/\/www.gaultiercollette.ch\/devred-liste\/"]}]},{"@type":"BreadcrumbList","@id":"https:\/\/www.gaultiercollette.ch\/devred-liste\/#breadcrumb","itemListElement":[{"@type":"ListItem","position":1,"name":"Accueil","item":"https:\/\/www.gaultiercollette.ch\/"},{"@type":"ListItem","position":2,"name":"_Devred _LISTE"}]},{"@type":"WebSite","@id":"https:\/\/www.gaultiercollette.ch\/#website","url":"https:\/\/www.gaultiercollette.ch\/","name":"Gaultier Collette","description":"Agence cr\u00e9ative en strat\u00e9gie de marque","potentialAction":[{"@type":"SearchAction","target":{"@type":"EntryPoint","urlTemplate":"https:\/\/www.gaultiercollette.ch\/?s={search_term_string}"},"query-input":{"@type":"PropertyValueSpecification","valueRequired":true,"valueName":"search_term_string"}}],"inLanguage":"fr-FR"}]}},"_links":{"self":[{"href":"https:\/\/www.gaultiercollette.ch\/fr\/wp-json\/wp\/v2\/pages\/55","targetHints":{"allow":["GET"]}}],"collection":[{"href":"https:\/\/www.gaultiercollette.ch\/fr\/wp-json\/wp\/v2\/pages"}],"about":[{"href":"https:\/\/www.gaultiercollette.ch\/fr\/wp-json\/wp\/v2\/types\/page"}],"author":[{"embeddable":true,"href":"https:\/\/www.gaultiercollette.ch\/fr\/wp-json\/wp\/v2\/users\/1"}],"replies":[{"embeddable":true,"href":"https:\/\/www.gaultiercollette.ch\/fr\/wp-json\/wp\/v2\/comments?post=55"}],"version-history":[{"count":109,"href":"https:\/\/www.gaultiercollette.ch\/fr\/wp-json\/wp\/v2\/pages\/55\/revisions"}],"predecessor-version":[{"id":4621,"href":"https:\/\/www.gaultiercollette.ch\/fr\/wp-json\/wp\/v2\/pages\/55\/revisions\/4621"}],"wp:attachment":[{"href":"https:\/\/www.gaultiercollette.ch\/fr\/wp-json\/wp\/v2\/media?parent=55"}],"curies":[{"name":"wp","href":"https:\/\/api.w.org\/{rel}","templated":true}]}}